{"id":5367,"date":"2017-05-24T21:17:06","date_gmt":"2017-05-24T19:17:06","guid":{"rendered":"http:\/\/aram.bourgault.info\/?post_type=livre&#038;p=5367"},"modified":"2017-11-10T17:10:29","modified_gmt":"2017-11-10T16:10:29","slug":"livre-test","status":"publish","type":"livre","link":"http:\/\/aram.bourgault.info\/en\/biblio\/livre\/livre-test","title":{"rendered":"Livre Test"},"content":{"rendered":"<p>\u00abJe ne suis pas nostalgique de notre enfance : elle \u00e9tait pleine de violence. C\u2019\u00e9tait la vie, un point c\u2019est tout : et nous grandissions avec l&#8217;obligation de la rendre difficile aux autres avant que les autres ne nous la rendent difficile.\u00bb Elena et Lila vivent dans un quartier pauvre de Naples \u00e0 la fin des ann\u00e9es cinquante. Bien qu\u2019elles soient dou\u00e9es pour les \u00e9tudes, ce n\u2019est pas la voie qui leur est promise. Lila abandonne l\u2019\u00e9cole pour travailler dans l\u2019\u00e9choppe de cordonnier de son p\u00e8re. Elena, soutenue par son institutrice, ira au coll\u00e8ge puis au lyc\u00e9e. Les chemins des deux amies se croisent et s\u2019\u00e9loignent, avec pour toile de fond une Naples sombre, en \u00e9bullition. Formidable voyage dans l\u2019Italie du boom \u00e9conomique, L\u2019amie prodigieuse est le portrait de deux h\u00e9ro\u00efnes inoubliables qu\u2019Elena Ferrante traque avec passion et tendresse.<\/p>\n","protected":false},"featured_media":5368,"template":"","auteur-biblio":[3327,3319],"langues-biblio":[6,4],"tag-biblio":[409,217,149,287],"type-de-travail":[1992,2031,1981,1988,1983],"_links":{"self":[{"href":"http:\/\/aram.bourgault.info\/en\/wp-json\/wp\/v2\/livre\/5367"}],"collection":[{"href":"http:\/\/aram.bourgault.info\/en\/wp-json\/wp\/v2\/livre"}],"about":[{"href":"http:\/\/aram.bourgault.info\/en\/wp-json\/wp\/v2\/types\/livre"}],"wp:featuredmedia":[{"embeddable":true,"href":"http:\/\/aram.bourgault.info\/en\/wp-json\/wp\/v2\/media\/5368"}],"wp:attachment":[{"href":"http:\/\/aram.bourgault.info\/en\/wp-json\/wp\/v2\/media?parent=5367"}],"wp:term":[{"taxonomy":"auteur-biblio","embeddable":true,"href":"http:\/\/aram.bourgault.info\/en\/wp-json\/wp\/v2\/auteur-biblio?post=5367"},{"taxonomy":"langues-biblio","embeddable":true,"href":"http:\/\/aram.bourgault.info\/en\/wp-json\/wp\/v2\/langues-biblio?post=5367"},{"taxonomy":"tag-biblio","embeddable":true,"href":"http:\/\/aram.bourgault.info\/en\/wp-json\/wp\/v2\/tag-biblio?post=5367"},{"taxonomy":"type-de-travail","embeddable":true,"href":"http:\/\/aram.bourgault.info\/en\/wp-json\/wp\/v2\/type-de-travail?post=5367"}],"curies":[{"name":"wp","href":"https:\/\/api.w.org\/{rel}","templated":true}]}}