{"id":3015,"date":"2017-02-19T19:01:56","date_gmt":"2017-02-19T18:01:56","guid":{"rendered":"http:\/\/aram.bourgault.info\/document\/telegramme-du-prefet-des-bouches-du-rhone-au-ministere-de-linterieur-a-paris"},"modified":"2017-05-23T14:33:34","modified_gmt":"2017-05-23T12:33:34","slug":"telegramme-du-prefet-des-bouches-du-rhone-au-ministere-de-linterieur-a-paris","status":"publish","type":"document","link":"http:\/\/aram.bourgault.info\/es\/biblio\/document\/telegramme-du-prefet-des-bouches-du-rhone-au-ministere-de-linterieur-a-paris","title":{"rendered":"T\u00e9l\u00e9gramme du Pr\u00e9fet des Bouches du Rh\u00f4ne au Minist\u00e8re de l&#8217;Int\u00e9rieur \u00e0 Paris."},"content":{"rendered":"<p>Ce t\u00e9l\u00e9gramme du Pr\u00e9fet des Bouches du Rh\u00f4ne au Minist\u00e8re de l&#8217;Int\u00e9rieur \u00e0 Paris est dat\u00e9 du 20 septembre 1922. Le Pr\u00e9fet confirme une communication t\u00e9l\u00e9phonique avec le paquebot Phygie qui arrive \u00e0 Marseille depuis Smyrne avec 913 passagers ayant tous fui devant l&#8217;incendie. Le Pr\u00e9fet demande au Minist\u00e8re de l&#8217;Int\u00e9rieur \u00e0 Paris l&#8217;autorisation d&#8217;engager des d\u00e9penses pour organiser l&#8217;accueil des premiers r\u00e9fugi\u00e9s de l&#8217;incendie de Smyrne.<\/p>\n","protected":false},"excerpt":{"rendered":"<p>Ce t\u00e9l\u00e9gramme du Pr\u00e9fet des Bouches du Rh\u00f4ne au Minist\u00e8re de l&#8217;Int\u00e9rieur \u00e0 Paris est dat\u00e9 du 20 septembre 1922. Le Pr\u00e9fet confirme une communication t\u00e9l\u00e9phonique avec le paquebot Phygie qui arrive \u00e0 Marseille depuis Smyrne avec 913 passagers ayant tous fui devant l&#8217;incendie. Le Pr\u00e9fet demande au Minist\u00e8re de l&#8217;Int\u00e9rieur \u00e0 Paris l&#8217;autorisation d&#8217;engager &hellip; <a href=\"http:\/\/aram.bourgault.info\/es\/biblio\/document\/telegramme-du-prefet-des-bouches-du-rhone-au-ministere-de-linterieur-a-paris\">Leer la continuaci\u00f3n<\/a><\/p>\n","protected":false},"featured_media":0,"template":"","auteur-biblio":[3558],"langues-biblio":[4],"tag-biblio":[2288,2289,160,1595,2290],"type-de-document":[2545],"type-de-travail":[2291],"_links":{"self":[{"href":"http:\/\/aram.bourgault.info\/es\/wp-json\/wp\/v2\/document\/3015"}],"collection":[{"href":"http:\/\/aram.bourgault.info\/es\/wp-json\/wp\/v2\/document"}],"about":[{"href":"http:\/\/aram.bourgault.info\/es\/wp-json\/wp\/v2\/types\/document"}],"wp:attachment":[{"href":"http:\/\/aram.bourgault.info\/es\/wp-json\/wp\/v2\/media?parent=3015"}],"wp:term":[{"taxonomy":"auteur-biblio","embeddable":true,"href":"http:\/\/aram.bourgault.info\/es\/wp-json\/wp\/v2\/auteur-biblio?post=3015"},{"taxonomy":"langues-biblio","embeddable":true,"href":"http:\/\/aram.bourgault.info\/es\/wp-json\/wp\/v2\/langues-biblio?post=3015"},{"taxonomy":"tag-biblio","embeddable":true,"href":"http:\/\/aram.bourgault.info\/es\/wp-json\/wp\/v2\/tag-biblio?post=3015"},{"taxonomy":"type-de-document","embeddable":true,"href":"http:\/\/aram.bourgault.info\/es\/wp-json\/wp\/v2\/type-de-document?post=3015"},{"taxonomy":"type-de-travail","embeddable":true,"href":"http:\/\/aram.bourgault.info\/es\/wp-json\/wp\/v2\/type-de-travail?post=3015"}],"curies":[{"name":"wp","href":"https:\/\/api.w.org\/{rel}","templated":true}]}}