{"id":6376,"date":"2017-10-25T16:23:53","date_gmt":"2017-10-25T14:23:53","guid":{"rendered":"http:\/\/aram.bourgault.info\/biblio\/livre\/leurope-et-la-jeune-turquie"},"modified":"2017-11-13T16:40:49","modified_gmt":"2017-11-13T15:40:49","slug":"leurope-et-la-jeune-turquie-ooolllddd","status":"publish","type":"livre","link":"http:\/\/aram.bourgault.info\/hy\/biblio\/livre\/leurope-et-la-jeune-turquie-ooolllddd","title":{"rendered":"L&#8217;Europe et la jeune Turquie Old"},"content":{"rendered":"<p>Le 1er juillet 1908, nous publiions un livre intitul\u00e9 L&#8217;Europe et l&#8217;Empire ottoman : les aspects actuels de la question d&#8217;Orient, et nous nous demandions, dans nos conclusions, si les Turcs \u00e9taient capables de transformation et susceptibles de progr\u00e8s !. <\/p>\n<p>Moins d&#8217;un mois apr\u00e8s, les \u00e9v\u00e9nements apportaient \u00e0 notre question une r\u00e9ponse inattendue: la r\u00e9volution turque \u00e9clatait ; la question d&#8217;Orient entrait dans une phase nouvelle et l&#8217;on pouvait m\u00eame croire, dans l&#8217;enthousiasme des premi\u00e8res heures, que l&#8217;Empire olioman r\u00e9g\u00e9n\u00e9r\u00e9 allait cesser d&#8217;\u00eatre, pour les grandes puissances, un sujet de pr\u00e9occupations et une occasion de rivalit\u00e9s.<br \/>\nSi elle n&#8217;a pas encore r\u00e9solu toutes les questions complexes dont l&#8217;ensemble constitue \u00ab la question d&#8217;Orient \u00bb, la r\u00e9volution turque en a du moins chang\u00e9 l&#8217;aspect.<br \/>\nCe sont ces \u00ab aspects nouveaux \u00bb que nous essayons de montrer dans le pr\u00e9sent volume. Il est doncla suite et le compl\u00e9ment de celui que nous offrions, il y a trois ans, au public; ils constituent, \u00e0 eux deux, un ensemble, tout en ayant chacun son objet et son caract\u00e8re propres. En donnant \u00e0 ce nouvel ouvrage un titre presque semblable \u00e0 celui de son ain\u00e9, nous avons voulu marquer la parent\u00e9 qui les rapproche tout en tenant compte des diff\u00e9rences qui les distinguent.<br \/>\nL&#8217;un est n\u00e9 avant la r\u00e9volution jeune-turque du 24 juillet 1908, l&#8217;autre apr\u00e8s. Celui-ci a donc sp\u00e9cialement pour objet d&#8217;\u00e9tudier la r\u00e9volution et la crise europ\u00e9enne qui en est sortie.<\/p>\n","protected":false},"featured_media":7005,"template":"","auteur-biblio":[3236],"langues-biblio":[4],"tag-biblio":[],"type-de-travail":[],"_links":{"self":[{"href":"http:\/\/aram.bourgault.info\/hy\/wp-json\/wp\/v2\/livre\/6376"}],"collection":[{"href":"http:\/\/aram.bourgault.info\/hy\/wp-json\/wp\/v2\/livre"}],"about":[{"href":"http:\/\/aram.bourgault.info\/hy\/wp-json\/wp\/v2\/types\/livre"}],"wp:featuredmedia":[{"embeddable":true,"href":"http:\/\/aram.bourgault.info\/hy\/wp-json\/wp\/v2\/media\/7005"}],"wp:attachment":[{"href":"http:\/\/aram.bourgault.info\/hy\/wp-json\/wp\/v2\/media?parent=6376"}],"wp:term":[{"taxonomy":"auteur-biblio","embeddable":true,"href":"http:\/\/aram.bourgault.info\/hy\/wp-json\/wp\/v2\/auteur-biblio?post=6376"},{"taxonomy":"langues-biblio","embeddable":true,"href":"http:\/\/aram.bourgault.info\/hy\/wp-json\/wp\/v2\/langues-biblio?post=6376"},{"taxonomy":"tag-biblio","embeddable":true,"href":"http:\/\/aram.bourgault.info\/hy\/wp-json\/wp\/v2\/tag-biblio?post=6376"},{"taxonomy":"type-de-travail","embeddable":true,"href":"http:\/\/aram.bourgault.info\/hy\/wp-json\/wp\/v2\/type-de-travail?post=6376"}],"curies":[{"name":"wp","href":"https:\/\/api.w.org\/{rel}","templated":true}]}}